{"id":1069,"date":"2025-05-15T15:22:19","date_gmt":"2025-05-15T13:22:19","guid":{"rendered":"http:\/\/www.terra-beka.fr\/?page_id=1069"},"modified":"2025-05-15T15:25:31","modified_gmt":"2025-05-15T13:25:31","slug":"nlpd","status":"publish","type":"page","link":"https:\/\/www.terra-beka.fr\/de\/nlpd\/","title":{"rendered":"Neues Datenschutzgesetz"},"content":{"rendered":"<div data-elementor-type=\"wp-page\" data-elementor-id=\"1069\" class=\"elementor elementor-1069\" data-elementor-post-type=\"page\">\n\t\t\t\t<div class=\"elementor-element elementor-element-ff1d431 e-con-full e-flex e-con e-parent\" data-id=\"ff1d431\" data-element_type=\"container\" data-settings=\"{&quot;background_background&quot;:&quot;classic&quot;,&quot;jet_parallax_layout_list&quot;:[]}\">\n\t\t\t\t<div class=\"elementor-element elementor-element-b3d81af elementor-widget elementor-widget-heading\" data-id=\"b3d81af\" data-element_type=\"widget\" data-widget_type=\"heading.default\">\n\t\t\t\t<div class=\"elementor-widget-container\">\n\t\t\t\t\t<h1 class=\"elementor-heading-title elementor-size-default\">Neues Datenschutzgesetz<\/h1>\t\t\t\t<\/div>\n\t\t\t\t<\/div>\n\t\t\t\t<\/div>\n\t\t<div class=\"elementor-element elementor-element-db2c3b2 e-flex e-con-boxed e-con e-parent\" data-id=\"db2c3b2\" data-element_type=\"container\" data-settings=\"{&quot;jet_parallax_layout_list&quot;:[]}\">\n\t\t\t\t\t<div class=\"e-con-inner\">\n\t\t\t\t<div class=\"elementor-element elementor-element-74d4f23 elementor-widget elementor-widget-text-editor\" data-id=\"74d4f23\" data-element_type=\"widget\" data-widget_type=\"text-editor.default\">\n\t\t\t\t<div class=\"elementor-widget-container\">\n\t\t\t\t\t\t\t\t\t<p>Die Schweizer Vorschriften zum Schutz personenbezogener Daten unterliegen einer grundlegenden \u00c4nderung, die zur Allgemeinen Verordnung zum neuen Datenschutzgesetz \u00abnDSG\u00bb vom 1. September 2023 gef\u00fchrt hat.<\/p><p>Unser Unternehmen ist bestrebt, die Vorschriften einzuhalten, die zur Verbesserung der Beziehungen zu unseren europ\u00e4ischen Kunden beitragen k\u00f6nnen. Es hat sich an diese Vorschriften angepasst und bekundet in dieser Charta sein Engagement f\u00fcr die Qualit\u00e4t der Dienstleistungen, die wir unseren Kunden, seien es Privatpersonen oder Gewerbetreibende, bieten.<\/p><p>Diese neue Verordnung betrifft europ\u00e4ische B\u00fcrger, die keine Gewerbetreibenden sind und daher als \u00abPrivatpersonen\u00bb gelten. Sie st\u00e4rkt die Kontrolle der B\u00fcrger \u00fcber die Verwendung ihrer Daten. Die Verordnung gilt f\u00fcr alle automatisierten und nicht automatisierten Verarbeitungen personenbezogener Daten, unabh\u00e4ngig davon, ob diese Daten in einer Datei gespeichert sind oder gespeichert werden sollen.<\/p><h3>Was sind personenbezogene Daten f\u00fcr eine Privatperson?<\/h3><p>Per Definition sind personenbezogene Daten: \u00abAlle Informationen, die sich auf eine direkt (Name, Vorname) oder indirekt (\u00fcber eine Kennung, Kundennummer, Telefonnummer usw.) identifizierte nat\u00fcrliche Person beziehen. Die Identifizierung einer nat\u00fcrlichen Person kann anhand eines einzigen Datensatzes (ABS-Nummer, SS-Nummer) oder durch den Abgleich mehrerer Datens\u00e4tze erfolgen.<\/p><h3>Welche personenbezogenen Daten k\u00f6nnen wir erheben?<\/h3><p>Wir erheben nur angemessene und relevante Daten, die sich streng auf die Erbringung der von Ihnen bestellten Dienstleistung beschr\u00e4nken, sowie \u2013 mit Ihrer Zustimmung \u2013 Daten im Zusammenhang mit unseren Vertriebs- und Akquisema\u00dfnahmen.<\/p><h3>Warum m\u00fcssen wir Ihre personenbezogenen Daten erheben und verarbeiten?<\/h3><p>Ihre personenbezogenen Daten werden erhoben und verarbeitet, damit wir die von Ihnen bestellte Dienstleistung abschlie\u00dfen, verwalten, \u00e4ndern und ausf\u00fchren k\u00f6nnen und Sie mit Ihrer Zustimmung \u00fcber die Dienstleistungen und Produkte informieren k\u00f6nnen, die Sie bei\u00a0<span style=\"letter-spacing: 0.8px;\">Terra-Beka Lodge<\/span>.<\/p><h3>An wen werden Ihre personenbezogenen Daten weitergegeben?<\/h3><p>Ihre personenbezogenen Daten sind f\u00fcr die Mitarbeiter der Terra-Beka Lodge entsprechend ihrer Funktion und f\u00fcr bestimmte unserer Subunternehmer bestimmt. Alle unsere Mitarbeiter wurden geschult und halten sich an das nLPD. Auch unsere Subunternehmer halten sich an die Anforderungen des nLPD, um die ordnungsgem\u00e4\u00dfe Erbringung der bestellten Dienstleistung zu gew\u00e4hrleisten. Keine der gesammelten Informationen wird an Dritte weitergegeben oder verkauft, die keine anerkannten Subunternehmer sind. Die Daten werden ausschlie\u00dflich in der Schweiz und in Europa gespeichert.<\/p><h3>Wie lange speichern wir Ihre personenbezogenen Daten?<\/h3><p>Die im Rahmen einer bestellten Dienstleistung, eines Gesch\u00e4ftskontakts oder einer Verkaufsnachverfolgung erhobenen und verarbeiteten personenbezogenen Daten werden gem\u00e4\u00df den gesetzlichen Verj\u00e4hrungsfristen, die je nach Art des Vertrags festgelegt sind, und unter Einhaltung der schweizerischen Vorschriften, d. h. 10 Jahre, gespeichert. Im Rahmen der Kundenakquise werden personenbezogene Daten 2 Jahre ab ihrer Erhebung oder ab dem letzten Kontakt mit der betroffenen Person gespeichert. Die Daten werden anschlie\u00dfend anonymisiert, um die Grundlage f\u00fcr statistische Studien des Unternehmens zu erhalten.<\/p><h3>Welche Sicherheitsma\u00dfnahmen werden zum Transport Ihrer Daten getroffen?<\/h3><p>Gem\u00e4\u00df den geltenden Datenschutzbestimmungen haben Sie verschiedene Rechte, darunter:<\/p><ul><li>Auskunftsrecht: Sie k\u00f6nnen Auskunft \u00fcber die Verarbeitung Ihrer personenbezogenen Daten sowie eine Kopie dieser personenbezogenen Daten erhalten.<\/li><li>Recht auf Berichtigung: Wenn Sie der Meinung sind, dass Ihre personenbezogenen Daten unrichtig oder unvollst\u00e4ndig sind, k\u00f6nnen Sie verlangen, dass diese personenbezogenen Daten entsprechend ge\u00e4ndert werden.<\/li><li>Recht auf L\u00f6schung: Sie k\u00f6nnen die L\u00f6schung Ihrer personenbezogenen Daten im Rahmen der gesetzlichen Bestimmungen verlangen.<\/li><li>Recht auf Einschr\u00e4nkung der Verarbeitung: Sie k\u00f6nnen die Einschr\u00e4nkung der Verarbeitung Ihrer personenbezogenen Daten verlangen.<\/li><li>Widerspruchsrecht: Sie k\u00f6nnen der Verarbeitung Ihrer personenbezogenen Daten aus Gr\u00fcnden, die sich aus Ihrer besonderen Situation ergeben, widersprechen. Sie haben das uneingeschr\u00e4nkte Recht, der Verarbeitung Ihrer personenbezogenen Daten zu Zwecken der Direktwerbung, einschlie\u00dflich des mit dieser Werbung verbundenen Profiling, zu widersprechen.<\/li><li>Recht auf Festlegung von Richtlinien zur Aufbewahrung, L\u00f6schung oder Weitergabe Ihrer personenbezogenen Daten, die nach Ihrem Tod gelten.<\/li><li>Recht auf Widerruf Ihrer Einwilligung: Wenn Sie Ihre Einwilligung zur Verarbeitung Ihrer personenbezogenen Daten gegeben haben, haben Sie das Recht, Ihre Einwilligung jederzeit zu widerrufen.<\/li><\/ul><p>Sie k\u00f6nnen diese Rechte per Post an folgende Adresse geltend machen\u00a0<span style=\"letter-spacing: 0.8px;\">Terra-Beka Lodge<\/span>\u00a0\u2013 513 RTE des Frasses, 74360 La Chapelle d\u2019Abondance oder per E-Mail an info@terra-beka.fr.<\/p><h3>Welche Rechte haben Sie?<\/h3><p>Per Definition sind personenbezogene Daten: \u00abAlle Informationen, die sich auf eine direkt (Name, Vorname) oder indirekt (\u00fcber eine Kennung, Kundennummer, Telefonnummer usw.) identifizierte nat\u00fcrliche Person beziehen. Die Identifizierung einer nat\u00fcrlichen Person kann anhand eines einzigen Datensatzes (ABS-Nummer, SS-Nummer) oder durch den Abgleich mehrerer Datens\u00e4tze erfolgen.<\/p>\t\t\t\t\t\t\t\t<\/div>\n\t\t\t\t<\/div>\n\t\t\t\t\t<\/div>\n\t\t\t\t<\/div>\n\t\t\t\t<\/div>","protected":false},"excerpt":{"rendered":"<p>La r\u00e9glementation suisse relative \u00e0 la protection des donn\u00e9es \u00e0 caract\u00e8re personnel conna\u00eet une \u00e9volution majeure qui a donn\u00e9 lieu au R\u00e8glement G\u00e9n\u00e9ral \u00e0 la Nouvelle Loi sur la Protection des Donn\u00e9es \u00ab nLPD \u00bb du 1er septembre 2023. Notre soci\u00e9t\u00e9, soucieuse de respecter les r\u00e9glementations capables d\u2019am\u00e9liorer les relations avec nos clients europ\u00e9ens, c\u2019est [&hellip;]<\/p>","protected":false},"author":1,"featured_media":0,"parent":0,"menu_order":0,"comment_status":"closed","ping_status":"closed","template":"","meta":{"footnotes":""},"class_list":["post-1069","page","type-page","status-publish","hentry"],"yoast_head":"<!-- This site is optimized with the Yoast SEO plugin v26.5 - https:\/\/yoast.com\/wordpress\/plugins\/seo\/ -->\n<title>Nouvelle Loi sur la Protection des Donn\u00e9es - terra beka<\/title>\n<meta name=\"robots\" content=\"index, follow, max-snippet:-1, max-image-preview:large, max-video-preview:-1\" \/>\n<link rel=\"canonical\" href=\"https:\/\/www.terra-beka.fr\/de\/nlpd\/\" \/>\n<meta property=\"og:locale\" content=\"de_DE\" \/>\n<meta property=\"og:type\" content=\"article\" \/>\n<meta property=\"og:title\" content=\"Nouvelle Loi sur la Protection des Donn\u00e9es - terra beka\" \/>\n<meta property=\"og:description\" content=\"La r\u00e9glementation suisse relative \u00e0 la protection des donn\u00e9es \u00e0 caract\u00e8re personnel conna\u00eet une \u00e9volution majeure qui a donn\u00e9 lieu au R\u00e8glement G\u00e9n\u00e9ral \u00e0 la Nouvelle Loi sur la Protection des Donn\u00e9es \u00ab nLPD \u00bb du 1er septembre 2023. Notre soci\u00e9t\u00e9, soucieuse de respecter les r\u00e9glementations capables d\u2019am\u00e9liorer les relations avec nos clients europ\u00e9ens, c\u2019est [&hellip;]\" \/>\n<meta property=\"og:url\" content=\"https:\/\/www.terra-beka.fr\/de\/nlpd\/\" \/>\n<meta property=\"og:site_name\" content=\"terra beka\" \/>\n<meta property=\"article:modified_time\" content=\"2025-05-15T13:25:31+00:00\" \/>\n<meta name=\"twitter:card\" content=\"summary_large_image\" \/>\n<meta name=\"twitter:label1\" content=\"Gesch\u00e4tzte Lesezeit\" \/>\n\t<meta name=\"twitter:data1\" content=\"4\u00a0Minuten\" \/>\n<script type=\"application\/ld+json\" class=\"yoast-schema-graph\">{\"@context\":\"https:\/\/schema.org\",\"@graph\":[{\"@type\":\"WebPage\",\"@id\":\"https:\/\/www.terra-beka.fr\/nlpd\/\",\"url\":\"https:\/\/www.terra-beka.fr\/nlpd\/\",\"name\":\"Nouvelle Loi sur la Protection des Donn\u00e9es - terra beka\",\"isPartOf\":{\"@id\":\"https:\/\/www.terra-beka.fr\/#website\"},\"datePublished\":\"2025-05-15T13:22:19+00:00\",\"dateModified\":\"2025-05-15T13:25:31+00:00\",\"breadcrumb\":{\"@id\":\"https:\/\/www.terra-beka.fr\/nlpd\/#breadcrumb\"},\"inLanguage\":\"de\",\"potentialAction\":[{\"@type\":\"ReadAction\",\"target\":[\"https:\/\/www.terra-beka.fr\/nlpd\/\"]}]},{\"@type\":\"BreadcrumbList\",\"@id\":\"https:\/\/www.terra-beka.fr\/nlpd\/#breadcrumb\",\"itemListElement\":[{\"@type\":\"ListItem\",\"position\":1,\"name\":\"Accueil\",\"item\":\"https:\/\/www.terra-beka.fr\/\"},{\"@type\":\"ListItem\",\"position\":2,\"name\":\"Nouvelle Loi sur la Protection des Donn\u00e9es\"}]},{\"@type\":\"WebSite\",\"@id\":\"https:\/\/www.terra-beka.fr\/#website\",\"url\":\"https:\/\/www.terra-beka.fr\/\",\"name\":\"terra beka\",\"description\":\"\",\"publisher\":{\"@id\":\"https:\/\/www.terra-beka.fr\/#organization\"},\"potentialAction\":[{\"@type\":\"SearchAction\",\"target\":{\"@type\":\"EntryPoint\",\"urlTemplate\":\"https:\/\/www.terra-beka.fr\/?s={search_term_string}\"},\"query-input\":{\"@type\":\"PropertyValueSpecification\",\"valueRequired\":true,\"valueName\":\"search_term_string\"}}],\"inLanguage\":\"de\"},{\"@type\":\"Organization\",\"@id\":\"https:\/\/www.terra-beka.fr\/#organization\",\"name\":\"terra beka\",\"url\":\"https:\/\/www.terra-beka.fr\/\",\"logo\":{\"@type\":\"ImageObject\",\"inLanguage\":\"de\",\"@id\":\"https:\/\/www.terra-beka.fr\/#\/schema\/logo\/image\/\",\"url\":\"https:\/\/www.terra-beka.fr\/wp-content\/uploads\/2025\/03\/logo-terra-beka-lodge-blanc-vertical.svg\",\"contentUrl\":\"https:\/\/www.terra-beka.fr\/wp-content\/uploads\/2025\/03\/logo-terra-beka-lodge-blanc-vertical.svg\",\"caption\":\"terra beka\"},\"image\":{\"@id\":\"https:\/\/www.terra-beka.fr\/#\/schema\/logo\/image\/\"}}]}<\/script>\n<!-- \/ Yoast SEO plugin. -->","yoast_head_json":{"title":"Neues Datenschutzgesetz \u2013 terra beka","robots":{"index":"index","follow":"follow","max-snippet":"max-snippet:-1","max-image-preview":"max-image-preview:large","max-video-preview":"max-video-preview:-1"},"canonical":"https:\/\/www.terra-beka.fr\/de\/nlpd\/","og_locale":"de_DE","og_type":"article","og_title":"Nouvelle Loi sur la Protection des Donn\u00e9es - terra beka","og_description":"La r\u00e9glementation suisse relative \u00e0 la protection des donn\u00e9es \u00e0 caract\u00e8re personnel conna\u00eet une \u00e9volution majeure qui a donn\u00e9 lieu au R\u00e8glement G\u00e9n\u00e9ral \u00e0 la Nouvelle Loi sur la Protection des Donn\u00e9es \u00ab nLPD \u00bb du 1er septembre 2023. Notre soci\u00e9t\u00e9, soucieuse de respecter les r\u00e9glementations capables d\u2019am\u00e9liorer les relations avec nos clients europ\u00e9ens, c\u2019est [&hellip;]","og_url":"https:\/\/www.terra-beka.fr\/de\/nlpd\/","og_site_name":"terra beka","article_modified_time":"2025-05-15T13:25:31+00:00","twitter_card":"summary_large_image","twitter_misc":{"Gesch\u00e4tzte Lesezeit":"4\u00a0Minuten"},"schema":{"@context":"https:\/\/schema.org","@graph":[{"@type":"WebPage","@id":"https:\/\/www.terra-beka.fr\/nlpd\/","url":"https:\/\/www.terra-beka.fr\/nlpd\/","name":"Neues Datenschutzgesetz \u2013 terra beka","isPartOf":{"@id":"https:\/\/www.terra-beka.fr\/#website"},"datePublished":"2025-05-15T13:22:19+00:00","dateModified":"2025-05-15T13:25:31+00:00","breadcrumb":{"@id":"https:\/\/www.terra-beka.fr\/nlpd\/#breadcrumb"},"inLanguage":"de","potentialAction":[{"@type":"ReadAction","target":["https:\/\/www.terra-beka.fr\/nlpd\/"]}]},{"@type":"BreadcrumbList","@id":"https:\/\/www.terra-beka.fr\/nlpd\/#breadcrumb","itemListElement":[{"@type":"ListItem","position":1,"name":"Accueil","item":"https:\/\/www.terra-beka.fr\/"},{"@type":"ListItem","position":2,"name":"Nouvelle Loi sur la Protection des Donn\u00e9es"}]},{"@type":"WebSite","@id":"https:\/\/www.terra-beka.fr\/#website","url":"https:\/\/www.terra-beka.fr\/","name":"terra beka","description":"","publisher":{"@id":"https:\/\/www.terra-beka.fr\/#organization"},"potentialAction":[{"@type":"SearchAction","target":{"@type":"EntryPoint","urlTemplate":"https:\/\/www.terra-beka.fr\/?s={search_term_string}"},"query-input":{"@type":"PropertyValueSpecification","valueRequired":true,"valueName":"search_term_string"}}],"inLanguage":"de"},{"@type":"Organization","@id":"https:\/\/www.terra-beka.fr\/#organization","name":"terra beka","url":"https:\/\/www.terra-beka.fr\/","logo":{"@type":"ImageObject","inLanguage":"de","@id":"https:\/\/www.terra-beka.fr\/#\/schema\/logo\/image\/","url":"https:\/\/www.terra-beka.fr\/wp-content\/uploads\/2025\/03\/logo-terra-beka-lodge-blanc-vertical.svg","contentUrl":"https:\/\/www.terra-beka.fr\/wp-content\/uploads\/2025\/03\/logo-terra-beka-lodge-blanc-vertical.svg","caption":"terra beka"},"image":{"@id":"https:\/\/www.terra-beka.fr\/#\/schema\/logo\/image\/"}}]}},"_links":{"self":[{"href":"https:\/\/www.terra-beka.fr\/de\/wp-json\/wp\/v2\/pages\/1069","targetHints":{"allow":["GET"]}}],"collection":[{"href":"https:\/\/www.terra-beka.fr\/de\/wp-json\/wp\/v2\/pages"}],"about":[{"href":"https:\/\/www.terra-beka.fr\/de\/wp-json\/wp\/v2\/types\/page"}],"author":[{"embeddable":true,"href":"https:\/\/www.terra-beka.fr\/de\/wp-json\/wp\/v2\/users\/1"}],"replies":[{"embeddable":true,"href":"https:\/\/www.terra-beka.fr\/de\/wp-json\/wp\/v2\/comments?post=1069"}],"version-history":[{"count":7,"href":"https:\/\/www.terra-beka.fr\/de\/wp-json\/wp\/v2\/pages\/1069\/revisions"}],"predecessor-version":[{"id":1076,"href":"https:\/\/www.terra-beka.fr\/de\/wp-json\/wp\/v2\/pages\/1069\/revisions\/1076"}],"wp:attachment":[{"href":"https:\/\/www.terra-beka.fr\/de\/wp-json\/wp\/v2\/media?parent=1069"}],"curies":[{"name":"wp","href":"https:\/\/api.w.org\/{rel}","templated":true}]}}